{"id":95,"date":"2024-12-16T12:01:41","date_gmt":"2024-12-16T11:01:41","guid":{"rendered":"http:\/\/wplab.local\/?page_id=95"},"modified":"2024-12-16T12:01:41","modified_gmt":"2024-12-16T11:01:41","slug":"reglamento-general-de-proteccion-de-datos","status":"publish","type":"page","link":"https:\/\/acm.itae-innova.es\/de\/reglamento-general-de-proteccion-de-datos\/","title":{"rendered":"Reglamento General de Protecci\u00f3n de Datos"},"content":{"rendered":"<p>Cl\u00e1usulas informativas RGPD, Reglamento General de Protecci\u00f3n de Datos:<\/p>\n\n\n\n<p>Presupuestos y albaranes<\/p>\n\n\n\n<p>Facturas<\/p>\n\n\n\n<p>Acciones comerciales y publicitarias<\/p>\n\n\n\n<p>Para recabar datos de interesados con consentimiento<\/p>\n\n\n\n<p>Aviso legal a correo electr\u00f3nico<\/p>\n\n\n\n<p>Presupuestos y albaranes<\/p>\n\n\n\n<p>De acuerdo con lo establecido en el Reglamento General de Protecci\u00f3n de Datos, le informamos que trataremos sus datos personales con la finalidad de realizar la gesti\u00f3n administrativa, contable y fiscal, as\u00ed como enviarle comunicaciones comerciales sobre nuestros productos y\/o servicios.<\/p>\n\n\n\n<p>Los datos proporcionados se conservar\u00e1n mientras se mantenga la relaci\u00f3n comercial o durante el tiempo necesario para cumplir con las obligaciones legales. Los datos no se ceder\u00e1n a terceros salvo en los casos en que exista una obligaci\u00f3n legal y los trataremos en base a su consentimiento o la ejecuci\u00f3n de un contrato o por obligaci\u00f3n legal.<\/p>\n\n\n\n<p>Asimismo, le informamos de la posibilidad de ejercer los siguientes derechos sobre sus datos personales: derecho de acceso, rectificaci\u00f3n, supresi\u00f3n u olvido, limitaci\u00f3n, oposici\u00f3n, portabilidad y a retirar el consentimiento prestado.<\/p>\n\n\n\n<p>Para ello podr\u00e1 enviar un email a:\u00a0jvinaches@itae.org<\/p>\n\n\n\n<p>Adem\u00e1s, el interesado puede dirigirse a la Autoridad de Control en materia de Protecci\u00f3n de Datos competente para obtener informaci\u00f3n adicional o presentar una reclamaci\u00f3n.<\/p>\n\n\n\n<p>Datos identificativos del responsable:<\/p>\n\n\n\n<ul class=\"wp-block-list\">\n<li>Responsable del fichero: D2PLUS, S.COOP.V.\u2028<\/li>\n\n\n\n<li>Nif del responsable: F54.069.935\u2028<\/li>\n\n\n\n<li>Direcci\u00f3n: Pol\u00edgono Industrial Las Atalayas, calle Chel\u00edn R-21, Buz\u00f3n 20043, 03114 Alicante\u2028<\/li>\n\n\n\n<li>Tel\u00e9fono del responsable: 965 106 013<\/li>\n<\/ul>\n\n\n\n<p>Facturas<\/p>\n\n\n\n<p>Con la finalidad de dar cumplimiento al REGLAMENTO (UE) 2016\/679 DEL PARLAMENTO EUROPEO Y DEL CONSEJO de 27 de abril de 2016 relativo a la protecci\u00f3n de las personas f\u00edsicas en lo que respecta al tratamiento de datos personales y a la libre circulaci\u00f3n de estos datos y la Ley Org\u00e1nica 3\/2018, de 5 de diciembre, de Protecci\u00f3n de Datos Personales y garant\u00eda de los derechos digitales y por el que se deroga la Directiva 95\/46 y la Ley Org\u00e1nica 15\/1999, de 13 de diciembre, de Protecci\u00f3n de Datos de Car\u00e1cter Personal.<\/p>\n\n\n\n<p>La empresa le comunica la siguiente informaci\u00f3n:<\/p>\n\n\n\n<p>Todos los datos personales recibidos del interesado tendr\u00e1n como finalidad la prestaci\u00f3n de los servicios.<\/p>\n\n\n\n<p>Los datos podr\u00e1n ser por nuestra empresa o una tercera empresa con la finalidad de realizar el servicio. Los tratamientos tanto internos por la propia organizaci\u00f3n como por terceros se realizar\u00e1 por personal cualificado y autorizado.<\/p>\n\n\n\n<p>Los datos podr\u00e1n ser tratados por entidades p\u00fablicas o privadas en virtud del cumplimiento de la legislaci\u00f3n vigente.<\/p>\n\n\n\n<p>Los datos ser\u00e1n conservados y eliminados en virtud de lo establecido en la legislaci\u00f3n vigente.<\/p>\n\n\n\n<p>Acciones comerciales y publicitarias<\/p>\n\n\n\n<p>De acuerdo con lo establecido en el Reglamento General de Protecci\u00f3n de Datos, le informamos que sus datos han sido obtenidos de una fuente de acceso p\u00fablico, y ser\u00e1n incluidos en nuestro sistema de tratamiento. Ser\u00e1n tratados, \u00fanicamente, para finalidades de publicidad, promociones y marketing que pudieran ser de su inter\u00e9s. Los datos no se ceder\u00e1n a terceros salvo en los casos en que exista una obligaci\u00f3n legal y se conservar\u00e1n mientras no solicite el cese de la actividad.<\/p>\n\n\n\n<p>De acuerdo con la Ley 34\/2002, de Servicios de la Sociedad de la Informaci\u00f3n y de Comercio Electr\u00f3nico, Vd. podr\u00e1 oponerse en cualquier momento al tratamiento de sus datos con fines promocionales notific\u00e1ndonoslo por escrito dirigido a: D2PLUS, S.COOP.V. Pol. Ind. Atalayas, C\/Chel\u00edn, R-21, Buz\u00f3n 20043, 03114 Alicante. O bien a la direcci\u00f3n de correo electr\u00f3nico: jvinaches@itae.org indicando BAJA en el asunto.<\/p>\n\n\n\n<p>Asimismo, le informamos de la posibilidad de ejercer los siguientes derechos sobre sus datos personales: derecho de acceso, rectificaci\u00f3n, supresi\u00f3n u olvido, limitaci\u00f3n, oposici\u00f3n, portabilidad y a retirar el consentimiento prestado. Para ello podr\u00e1 enviar un email a: jvinaches@itae.org<\/p>\n\n\n\n<p>Adem\u00e1s, el interesado puede dirigirse a la Autoridad de Control en materia de Protecci\u00f3n de Datos competente para obtener informaci\u00f3n adicional o presentar una reclamaci\u00f3n.<\/p>\n\n\n\n<p>Datos identificativos del responsable:<\/p>\n\n\n\n<p>D2PLUS, S. COOP. V., F54.069.935, Pol. Ind. Las Atalayas \u2013 C\/ Chel\u00edn, R-21 \u2013 03114 \u2013 Alicante \u2013 ALICANTE, 965106013<\/p>\n\n\n\n<h2 class=\"wp-block-heading\">AVISO:<\/h2>\n\n\n\n<p>Si compra datos personales a terceros para realizar publicidad de sus productos y servicios, debe tener en cuenta que los mismos proceden de fuentes accesibles al p\u00fablico y que est\u00e1n contrastados con la lista Robinson. Recuerde que debe borrar los datos cuando haya trascurrido un tiempo sin hacer uso de los mismos.<\/p>\n\n\n\n<p>Para recabar datos de interesados con consentimiento<\/p>\n\n\n\n<p>De acuerdo con lo establecido en el Reglamento General de Protecci\u00f3n de Datos, le informamos que trataremos sus datos personales con la finalidad de realizar la gesti\u00f3n administrativa, contable y fiscal derivada de nuestra relaci\u00f3n comercial, as\u00ed como enviarle comunicaciones comerciales sobre nuestros productos y\/o servicios. Los datos proporcionados se conservar\u00e1n mientras se mantenga la relaci\u00f3n comercial o durante el tiempo necesario para cumplir con las obligaciones legales. Los datos no se ceder\u00e1n a terceros salvo en los casos en que exista una obligaci\u00f3n legal y los trataremos en base a su consentimiento.<\/p>\n\n\n\n<p>Asimismo, le informamos de la posibilidad de ejercer los siguientes derechos sobre sus datos personales: derecho de acceso, rectificaci\u00f3n, supresi\u00f3n u olvido, limitaci\u00f3n, oposici\u00f3n, portabilidad y a retirar el consentimiento prestado.<\/p>\n\n\n\n<p>Para ello podr\u00e1 enviar un email a: jvinaches@itae.org o dirigir un escrito a D2PLUS, S.COOP.V. Pol. Ind. Atalayas, C\/Chel\u00edn, R-21, Buz\u00f3n 20043, 03114 Alicante.<\/p>\n\n\n\n<p>Adem\u00e1s, el interesado puede dirigirse a la Autoridad de Control en materia de Protecci\u00f3n de Datos competente para obtener informaci\u00f3n adicional o presentar una reclamaci\u00f3n.<\/p>\n\n\n\n<h2 class=\"wp-block-heading\">CONSENTIMIENTO<\/h2>\n\n\n\n<p>La finalidad y uso previsto tanto de los datos en s\u00ed mismos como de su tratamiento, es prestarle el servicio solicitado o entregarle el producto adquirido. A continuaci\u00f3n podr\u00e1 aceptar las finalidades que crea convenientes marcando su casilla correspondiente, tenga en cuenta que algunas finalidades pueden ser necesarias para poderle prestar el servicio, en el caso de NO marcar dichas casillas, no se podr\u00e1 prestar\/entregar el servicio\/producto asociado.<\/p>\n\n\n\n<p>[ _ ]\u00a0 Prestaci\u00f3n del servicio contratado (Si acepta el tratamiento de sus datos con esta finalidad\u00a0 marque esta casilla)<br>[ _ ]\u00a0 Env\u00edo del producto adquirido (Si acepta el tratamiento de sus datos con esta finalidad\u00a0 marque esta casilla)<br>[ _ ]\u00a0 Env\u00edo de ofertas de productos y servicios de su inter\u00e9s (Si acepta el tratamiento de sus datos con esta finalidad\u00a0 marque esta casilla)<\/p>\n\n\n\n<p>Firma:<\/p>\n\n\n\n<p>Fdo.- \u2026\u2026\u2026\u2026\u2026\u2026\u2026\u2026\u2026\u2026\u2026\u2026\u2026\u2026\u2026\u2026\u2026\u2026\u2026\u2026\u2026\u2026\u2026\u2026\u2026\u2026\u2026\u2026\u2026\u2026\u2026<\/p>\n\n\n\n<p>Datos identificativos del responsable:<\/p>\n\n\n\n<p>D2PLUS, S. COOP. V., F54.069.935, Pol. Ind. Las Atalayas \u2013 C\/ Chel\u00edn, R-21 \u2013 03114 \u2013 Alicante \u2013 ALICANTE, 965106013<\/p>\n\n\n\n<p>Aviso legal a correo electr\u00f3nico<\/p>\n\n\n\n<p>Aviso legal:<\/p>\n\n\n\n<p>Con la finalidad de dar cumplimiento al REGLAMENTO (UE) 2016\/679 DEL PARLAMENTO EUROPEO Y DEL CONSEJO de 27 de abril de 2016 relativo a la protecci\u00f3n de las personas f\u00edsicas en lo que respecta al tratamiento de datos personales y a la libre circulaci\u00f3n de estos datos a la Ley Org\u00e1nica 3\/2018, de 5 de diciembre, de Protecci\u00f3n de Datos Personales y garant\u00eda de los derechos digitales y por el que se deroga la Directiva 95\/46 y la Ley 15\/1999. La empresa le comunica la siguiente informaci\u00f3n:<\/p>\n\n\n\n<p>Todos los datos personales recibidos del interesado tendr\u00e1n como finalidad la prestaci\u00f3n de los servicios.<\/p>\n\n\n\n<p>Los datos podr\u00e1n ser por nuestra empresa o una tercera empresa con la finalidad de realizar el servicio. Los tratamientos tanto internos por la propia organizaci\u00f3n como por terceros se realizar\u00e1 por personal cualificado y autorizado.<\/p>\n\n\n\n<p>Los datos podr\u00e1n ser tratados por entidades p\u00fablicas o privadas en virtud del cumplimiento de la legislaci\u00f3n vigente.<\/p>\n\n\n\n<p>Los datos ser\u00e1n conservados y eliminados en virtud de lo establecido en la legislaci\u00f3n vigente.<\/p>\n\n\n\n<p>Derecho de acceso, rectificaci\u00f3n, eliminaci\u00f3n, portabilidad o supresi\u00f3n<\/p>\n\n\n\n<p>Para ejercer su derecho a acceso, rectificaci\u00f3n o eliminaci\u00f3n o portabilidad de datos en virtud de lo establecido por el presente reglamento envie una solicitud junto con una copia de su DNI a\u00a0jvinaches@itae.org\u00a0con direcci\u00f3n direcci\u00f3n D2PLUS, S.COOP.V. Pol. Ind. Atalayas, C\/Chel\u00edn, R-21, Buz\u00f3n 20043, 03114 Alicante. Si sus derechos, en virtud de su entendimiento, son desatendidos, tiene el derecho a ejercer una reclamaci\u00f3n a la Agencia Espa\u00f1ola de Protecci\u00f3n de Datos (www.aepd.es).<\/p>\n\n\n\n<h2 class=\"wp-block-heading\">NOTA<\/h2>\n\n\n\n<p>Con el objetivo de asegurar el derecho de confidencialidad establecido en la legislaci\u00f3n vigente si usted no es el destinatario de dicha comunicaci\u00f3n le rogamos que actue del siguiente modo:<\/p>\n\n\n\n<ol class=\"wp-block-list\">\n<li>Comunique a la empresa la incidencia.<\/li>\n\n\n\n<li>Elimine el correo y cualquier documentaci\u00f3n f\u00edsica o electr\u00f3nica relacionada con esta.<\/li>\n\n\n\n<li>No divulgue el contenido de dicha comunicaci\u00f3n.<\/li>\n<\/ol>\n\n\n\n<p>Gracias<\/p>\n\n\n\n<h2 class=\"wp-block-heading\">NOTA<\/h2>\n\n\n\n<p>La empresa no se responsabiliza de los da\u00f1os y sus derivados causados al destinatario y producidos como consecuencia de software malicioso, malware o cualquier otro software de car\u00e1cter perjudicial no ser\u00e1n responsabilidad del remitente.<\/p>\n\n\n\n<p>Con la finalidad de evitar, eliminar o minimizar los da\u00f1os que puedan producirse fruto de la comunicaci\u00f3n se establece la necesidad del destinatario de disponer de todos los elementos hardware y software necesarios.<\/p>\n\n\n\n<p>Certificado de adaptaci\u00f3n al RGPD<\/p>","protected":false},"excerpt":{"rendered":"<p>Cl\u00e1usulas informativas RGPD, Reglamento General de Protecci\u00f3n de Datos: Presupuestos y albaranes Facturas Acciones comerciales y publicitarias Para recabar datos de interesados con consentimiento Aviso legal a correo electr\u00f3nico Presupuestos y albaranes De acuerdo con lo establecido en el Reglamento General de Protecci\u00f3n de Datos, le informamos que trataremos sus datos personales con la finalidad [&hellip;]<\/p>","protected":false},"author":1,"featured_media":0,"parent":0,"menu_order":0,"comment_status":"closed","ping_status":"closed","template":"","meta":{"footnotes":""},"class_list":["post-95","page","type-page","status-publish","hentry"],"_links":{"self":[{"href":"https:\/\/acm.itae-innova.es\/de\/wp-json\/wp\/v2\/pages\/95","targetHints":{"allow":["GET"]}}],"collection":[{"href":"https:\/\/acm.itae-innova.es\/de\/wp-json\/wp\/v2\/pages"}],"about":[{"href":"https:\/\/acm.itae-innova.es\/de\/wp-json\/wp\/v2\/types\/page"}],"author":[{"embeddable":true,"href":"https:\/\/acm.itae-innova.es\/de\/wp-json\/wp\/v2\/users\/1"}],"replies":[{"embeddable":true,"href":"https:\/\/acm.itae-innova.es\/de\/wp-json\/wp\/v2\/comments?post=95"}],"version-history":[{"count":0,"href":"https:\/\/acm.itae-innova.es\/de\/wp-json\/wp\/v2\/pages\/95\/revisions"}],"wp:attachment":[{"href":"https:\/\/acm.itae-innova.es\/de\/wp-json\/wp\/v2\/media?parent=95"}],"curies":[{"name":"wp","href":"https:\/\/api.w.org\/{rel}","templated":true}]}}