{"id":97,"date":"2024-12-16T12:02:36","date_gmt":"2024-12-16T11:02:36","guid":{"rendered":"http:\/\/wplab.local\/?page_id=97"},"modified":"2024-12-16T12:02:36","modified_gmt":"2024-12-16T11:02:36","slug":"aviso-legal","status":"publish","type":"page","link":"https:\/\/acm.itae-innova.es\/de\/aviso-legal\/","title":{"rendered":"Rechtliche Hinweise"},"content":{"rendered":"<p>Con la finalidad de dar cumplimiento al REGLAMENTO (UE) 2016\/679 DEL PARLAMENTO EUROPEO Y DEL CONSEJO de 27 de abril de 2016 relativo a la protecci\u00f3n de las personas f\u00edsicas en lo que respecta al tratamiento de datos personales y a la libre circulaci\u00f3n de estos datos a la Ley Org\u00e1nica 3\/2018, de 5 de diciembre, de Protecci\u00f3n de Datos Personales y garant\u00eda de los derechos digitales y por el que se deroga la Directiva 95\/46 y la Ley 15\/1999. La empresa le comunica la siguiente informaci\u00f3n:<\/p>\n\n\n\n<p>Todos los datos personales recibidos del interesado tendr\u00e1n como finalidad la prestaci\u00f3n de los servicios.<\/p>\n\n\n\n<p>Los datos podr\u00e1n ser por nuestra empresa o una tercera empresa con la finalidad de realizar el servicio. Los tratamientos tanto internos por la propia organizaci\u00f3n como por terceros se realizar\u00e1 por personal cualificado y autorizado.<\/p>\n\n\n\n<p>Los datos podr\u00e1n ser tratados por entidades p\u00fablicas o privadas en virtud del cumplimiento de la legislaci\u00f3n vigente.<br>Los datos ser\u00e1n conservados y eliminados en virtud de lo establecido en la legislaci\u00f3n vigente.<br>Derecho de acceso, rectificaci\u00f3n, eliminaci\u00f3n, portabilidad o supresi\u00f3n<\/p>\n\n\n\n<p>Para ejercer su derecho a acceso, rectificaci\u00f3n o eliminaci\u00f3n o portabilidad de datos en virtud de lo establecido por el presente reglamento envie una solicitud junto con una copia de su DNI a\u00a0jvinaches@itae.org\u00a0con direcci\u00f3n direcci\u00f3n D2PLUS, S.COOP.V. Pol. Ind. Atalayas, C\/Chel\u00edn, R-21, Buz\u00f3n 20043, 03114 Alicante. Si sus derechos, en virtud de su entendimiento, son desatendidos, tiene el derecho a ejercer una reclamaci\u00f3n a la Agencia Espa\u00f1ola de Protecci\u00f3n de Datos (www.aepd.es).<\/p>\n\n\n\n<h2 class=\"wp-block-heading\">NOTA<\/h2>\n\n\n\n<p>Con el objetivo de asegurar el derecho de confidencialidad establecido en la legislaci\u00f3n vigente si usted no es el destinatario de dicha comunicaci\u00f3n le rogamos que actue del siguiente modo:<\/p>\n\n\n\n<ol class=\"wp-block-list\">\n<li>Comunique a la empresa la incidencia.<\/li>\n\n\n\n<li>Elimine el correo y cualquier documentaci\u00f3n f\u00edsica o electr\u00f3nica relacionada con esta.<\/li>\n\n\n\n<li>No divulgue el contenido de dicha comunicaci\u00f3n.<\/li>\n<\/ol>\n\n\n\n<p>Gracias<\/p>\n\n\n\n<h2 class=\"wp-block-heading\">NOTA<\/h2>\n\n\n\n<p>La empresa no se responsabiliza de los da\u00f1os y sus derivados causados al destinatario y producidos como consecuencia de sofware malicioso, malware o cualquier otro software de car\u00e1cter perjudicial no ser\u00e1n responsabilidad del remitente.<\/p>\n\n\n\n<p>Con la finalidad de evitar, eliminar o minimizar los da\u00f1os que puedan producirse fruto de la comunicaci\u00f3n se establece la necesidad del destinatario de disponer de todos los elementos hardware y software necesarios.<\/p>\n\n\n\n<p>Certificado de adaptaci\u00f3n al RGPD<\/p>","protected":false},"excerpt":{"rendered":"<p>Con la finalidad de dar cumplimiento al REGLAMENTO (UE) 2016\/679 DEL PARLAMENTO EUROPEO Y DEL CONSEJO de 27 de abril de 2016 relativo a la protecci\u00f3n de las personas f\u00edsicas en lo que respecta al tratamiento de datos personales y a la libre circulaci\u00f3n de estos datos a la Ley Org\u00e1nica 3\/2018, de 5 de [&hellip;]<\/p>","protected":false},"author":1,"featured_media":0,"parent":0,"menu_order":0,"comment_status":"closed","ping_status":"closed","template":"","meta":{"footnotes":""},"class_list":["post-97","page","type-page","status-publish","hentry"],"_links":{"self":[{"href":"https:\/\/acm.itae-innova.es\/de\/wp-json\/wp\/v2\/pages\/97","targetHints":{"allow":["GET"]}}],"collection":[{"href":"https:\/\/acm.itae-innova.es\/de\/wp-json\/wp\/v2\/pages"}],"about":[{"href":"https:\/\/acm.itae-innova.es\/de\/wp-json\/wp\/v2\/types\/page"}],"author":[{"embeddable":true,"href":"https:\/\/acm.itae-innova.es\/de\/wp-json\/wp\/v2\/users\/1"}],"replies":[{"embeddable":true,"href":"https:\/\/acm.itae-innova.es\/de\/wp-json\/wp\/v2\/comments?post=97"}],"version-history":[{"count":0,"href":"https:\/\/acm.itae-innova.es\/de\/wp-json\/wp\/v2\/pages\/97\/revisions"}],"wp:attachment":[{"href":"https:\/\/acm.itae-innova.es\/de\/wp-json\/wp\/v2\/media?parent=97"}],"curies":[{"name":"wp","href":"https:\/\/api.w.org\/{rel}","templated":true}]}}